{"id":13635,"date":"2019-09-08T14:14:57","date_gmt":"2019-09-08T14:14:57","guid":{"rendered":"https:\/\/www.danceforkindness.com\/prensa\/"},"modified":"2019-09-08T14:14:59","modified_gmt":"2019-09-08T14:14:59","slug":"prensa","status":"publish","type":"page","link":"https:\/\/www.danceforkindness.com\/es\/prensa\/","title":{"rendered":"Prensa"},"content":{"rendered":"<div class=\"wpb-content-wrapper\"><p>[vc_row unlock_row_content=\u00bbyes\u00bb row_height_percent=\u00bb0&#8243; override_padding=\u00bbyes\u00bb h_padding=\u00bb2&#8243; top_padding=\u00bb5&#8243; bottom_padding=\u00bb5&#8243; back_image=\u00bb5547&#8243; back_repeat=\u00bbno-repeat\u00bb back_position=\u00bbleft center\u00bb overlay_alpha=\u00bb50&#8243; gutter_size=\u00bb3&#8243; column_width_percent=\u00bb100&#8243; shift_y=\u00bb0&#8243; z_index=\u00bb0&#8243;][vc_column column_width_percent=\u00bb100&#8243; align_horizontal=\u00bbalign_center\u00bb overlay_alpha=\u00bb50&#8243; gutter_size=\u00bb3&#8243; medium_width=\u00bb0&#8243; mobile_width=\u00bb0&#8243; shift_x=\u00bb0&#8243; shift_y=\u00bb0&#8243; z_index=\u00bb0&#8243; width=\u00bb1\/1&#8243;][vc_row_inner][vc_column_inner column_width_percent=\u00bb83&#8243; override_padding=\u00bbyes\u00bb column_padding=\u00bb2&#8243; gutter_size=\u00bb3&#8243; overlay_alpha=\u00bb50&#8243; medium_width=\u00bb0&#8243; mobile_width=\u00bb0&#8243; shift_x=\u00bb0&#8243; shift_y=\u00bb0&#8243; shift_y_down=\u00bb0&#8243; z_index=\u00bb0&#8243; width=\u00bb1\/2&#8243;][vc_custom_heading text_size=\u00bbfontsize-767795&#8243; text_font=\u00bbfont-183760&#8243; text_color=\u00bbcolor-xsdn\u00bb]\u00a1DFK en las noticias![\/vc_custom_heading][vc_custom_heading text_size=\u00bbh4&#8243; text_weight=\u00bb400&#8243; text_color=\u00bbcolor-xsdn\u00bb]Danza por la Amabilidad crece a\u00f1o tras a\u00f1o y por ello, existe un gran entusiasmo por esta celebraci\u00f3n mundial de la amabilidad que se extiende por todo el planeta.[\/vc_custom_heading][vc_button button_color=\u00bbcolor-205742&#8243; size=\u00bbbtn-lg\u00bb radius=\u00bbbtn-circle\u00bb shadow=\u00bbyes\u00bb border_width=\u00bb0&#8243; link=\u00bburl:%23presskit|||\u00bb]Ver el dossier de prensa[\/vc_button][\/vc_column_inner][vc_column_inner width=\u00bb1\/2&#8243;][\/vc_column_inner][\/vc_row_inner][\/vc_column][\/vc_row][vc_row row_height_percent=\u00bb0&#8243; override_padding=\u00bbyes\u00bb h_padding=\u00bb2&#8243; top_padding=\u00bb3&#8243; bottom_padding=\u00bb3&#8243; back_color=\u00bbcolor-146305&#8243; back_image=\u00bb59&#8243; back_repeat=\u00bbno-repeat\u00bb parallax=\u00bbyes\u00bb overlay_alpha=\u00bb50&#8243; gutter_size=\u00bb3&#8243; column_width_percent=\u00bb100&#8243; shift_y=\u00bb0&#8243; z_index=\u00bb0&#8243; back_size=\u00bbcontain\u00bb][vc_column column_width_percent=\u00bb100&#8243; align_horizontal=\u00bbalign_center\u00bb overlay_alpha=\u00bb50&#8243; gutter_size=\u00bb3&#8243; medium_width=\u00bb0&#8243; mobile_width=\u00bb0&#8243; shift_x=\u00bb0&#8243; shift_y=\u00bb0&#8243; z_index=\u00bb0&#8243; width=\u00bb1\/1&#8243;][vc_row_inner][vc_column_inner column_width_percent=\u00bb79&#8243; align_horizontal=\u00bbalign_center\u00bb gutter_size=\u00bb3&#8243; overlay_alpha=\u00bb50&#8243; medium_width=\u00bb0&#8243; mobile_width=\u00bb0&#8243; shift_x=\u00bb0&#8243; shift_y=\u00bb0&#8243; shift_y_down=\u00bb0&#8243; z_index=\u00bb0&#8243; width=\u00bb1\/1&#8243;][vc_custom_heading text_size=\u00bbfontsize-767795&#8243; text_font=\u00bbfont-183760&#8243; text_color=\u00bbcolor-xsdn\u00bb]\u00a1Danza por la Amabilidad se destaca![\/vc_custom_heading][vc_custom_heading text_size=\u00bbh5&#8243; text_weight=\u00bb400&#8243; text_color=\u00bbcolor-xsdn\u00bb]Nos hemos sentido honrados y conmovidos de haber iniciado la temporada de amabilidad de TODAY SHOW. \u00a1Hoda tambi\u00e9n bail\u00f3 por la amabilidad![\/vc_custom_heading][vc_single_image media=\u00bb5549&#8243; media_width_percent=\u00bb100&#8243;][\/vc_column_inner][\/vc_row_inner][\/vc_column][\/vc_row][vc_row unlock_row_content=\u00bbyes\u00bb row_height_percent=\u00bb66&#8243; override_padding=\u00bbyes\u00bb h_padding=\u00bb0&#8243; top_padding=\u00bb0&#8243; bottom_padding=\u00bb0&#8243; overlay_alpha=\u00bb50&#8243; equal_height=\u00bbyes\u00bb gutter_size=\u00bb0&#8243; column_width_percent=\u00bb100&#8243; shift_y=\u00bb0&#8243; z_index=\u00bb0&#8243;][vc_column column_width_percent=\u00bb100&#8243; expand_height=\u00bbyes\u00bb override_padding=\u00bbyes\u00bb column_padding=\u00bb0&#8243; overlay_alpha=\u00bb50&#8243; gutter_size=\u00bb3&#8243; medium_width=\u00bb0&#8243; mobile_width=\u00bb0&#8243; shift_x=\u00bb0&#8243; shift_y=\u00bb0&#8243; shift_y_down=\u00bb0&#8243; z_index=\u00bb0&#8243; width=\u00bb1\/3&#8243;][vc_single_image media=\u00bb5554&#8243; media_width_percent=\u00bb100&#8243;][\/vc_column][vc_column column_width_percent=\u00bb100&#8243; position_vertical=\u00bbmiddle\u00bb align_horizontal=\u00bbalign_center\u00bb expand_height=\u00bbyes\u00bb override_padding=\u00bbyes\u00bb column_padding=\u00bb3&#8243; overlay_alpha=\u00bb50&#8243; gutter_size=\u00bb1&#8243; medium_width=\u00bb0&#8243; mobile_width=\u00bb0&#8243; shift_x=\u00bb0&#8243; shift_y=\u00bb0&#8243; shift_y_down=\u00bb0&#8243; z_index=\u00bb0&#8243; width=\u00bb1\/3&#8243;][vc_empty_space empty_h=\u00bb3&#8243;][vc_custom_heading text_size=\u00bbh6&#8243; text_space=\u00bbfontspace-920774&#8243; text_font=\u00bbfont-147490&#8243; text_weight=\u00bb400&#8243; text_transform=\u00bbuppercase\u00bb sub_reduced=\u00bbyes\u00bb]Una celebraci\u00f3n mundial[\/vc_custom_heading][vc_custom_heading text_size=\u00bbfontsize-767795&#8243; text_font=\u00bbfont-183760&#8243; sub_reduced=\u00bbyes\u00bb]CBS[\/vc_custom_heading][vc_empty_space empty_h=\u00bb3&#8243;][vc_button button_color=\u00bbcolor-110816&#8243; size=\u00bbbtn-lg\u00bb radius=\u00bbbtn-circle\u00bb shadow=\u00bbyes\u00bb border_width=\u00bb0&#8243; link=\u00bburl:http%3A%2F%2Fwww.cbsnews.com%2Fnews%2Fwatch-how-an-act-of-kindness-can-spread-amongst-people%2F||target:%20_blank|\u00bb]VER M\u00c1S[\/vc_button][\/vc_column][vc_column column_width_percent=\u00bb100&#8243; expand_height=\u00bbyes\u00bb override_padding=\u00bbyes\u00bb column_padding=\u00bb0&#8243; overlay_alpha=\u00bb50&#8243; gutter_size=\u00bb3&#8243; medium_width=\u00bb0&#8243; mobile_width=\u00bb0&#8243; shift_x=\u00bb0&#8243; shift_y=\u00bb0&#8243; shift_y_down=\u00bb0&#8243; z_index=\u00bb0&#8243; width=\u00bb1\/3&#8243;][vc_single_image media=\u00bb5555&#8243; media_width_percent=\u00bb100&#8243;][\/vc_column][\/vc_row][vc_row unlock_row_content=\u00bbyes\u00bb row_height_percent=\u00bb66&#8243; override_padding=\u00bbyes\u00bb h_padding=\u00bb0&#8243; top_padding=\u00bb0&#8243; bottom_padding=\u00bb0&#8243; overlay_alpha=\u00bb50&#8243; equal_height=\u00bbyes\u00bb gutter_size=\u00bb0&#8243; column_width_percent=\u00bb100&#8243; shift_y=\u00bb0&#8243; z_index=\u00bb0&#8243;][vc_column column_width_percent=\u00bb100&#8243; position_vertical=\u00bbmiddle\u00bb align_horizontal=\u00bbalign_center\u00bb expand_height=\u00bbyes\u00bb override_padding=\u00bbyes\u00bb column_padding=\u00bb3&#8243; overlay_alpha=\u00bb50&#8243; gutter_size=\u00bb1&#8243; medium_width=\u00bb0&#8243; mobile_width=\u00bb0&#8243; shift_x=\u00bb0&#8243; shift_y=\u00bb0&#8243; shift_y_down=\u00bb0&#8243; z_index=\u00bb0&#8243; width=\u00bb1\/3&#8243;][vc_empty_space empty_h=\u00bb3&#8243;][vc_custom_heading text_size=\u00bbh6&#8243; text_space=\u00bbfontspace-920774&#8243; text_font=\u00bbfont-147490&#8243; text_weight=\u00bb400&#8243; text_transform=\u00bbuppercase\u00bb sub_reduced=\u00bbyes\u00bb]Celebramos nuestras diferencias[\/vc_custom_heading][vc_custom_heading text_size=\u00bbfontsize-767795&#8243; text_font=\u00bbfont-183760&#8243; sub_reduced=\u00bbyes\u00bb]lo m\u00e1s importante[\/vc_custom_heading][vc_empty_space empty_h=\u00bb3&#8243;][vc_button button_color=\u00bbcolor-110816&#8243; size=\u00bbbtn-lg\u00bb radius=\u00bbbtn-circle\u00bb shadow=\u00bbyes\u00bb border_width=\u00bb0&#8243; link=\u00bburl:https%3A%2F%2Fyoutu.be%2FLl9K3cxy6qw||target:%20_blank|\u00bb]VER M\u00c1S[\/vc_button][\/vc_column][vc_column column_width_percent=\u00bb100&#8243; expand_height=\u00bbyes\u00bb override_padding=\u00bbyes\u00bb column_padding=\u00bb0&#8243; overlay_alpha=\u00bb50&#8243; gutter_size=\u00bb3&#8243; medium_width=\u00bb0&#8243; mobile_width=\u00bb0&#8243; shift_x=\u00bb0&#8243; shift_y=\u00bb0&#8243; shift_y_down=\u00bb0&#8243; z_index=\u00bb0&#8243; width=\u00bb1\/3&#8243;][vc_single_image media=\u00bb5556&#8243; media_width_percent=\u00bb100&#8243;][\/vc_column][vc_column column_width_percent=\u00bb100&#8243; position_vertical=\u00bbmiddle\u00bb align_horizontal=\u00bbalign_center\u00bb expand_height=\u00bbyes\u00bb override_padding=\u00bbyes\u00bb column_padding=\u00bb3&#8243; overlay_alpha=\u00bb50&#8243; gutter_size=\u00bb1&#8243; medium_width=\u00bb0&#8243; mobile_width=\u00bb0&#8243; shift_x=\u00bb0&#8243; shift_y=\u00bb0&#8243; shift_y_down=\u00bb0&#8243; z_index=\u00bb0&#8243; width=\u00bb1\/3&#8243;][vc_empty_space empty_h=\u00bb3&#8243;][vc_custom_heading text_size=\u00bbh6&#8243; text_space=\u00bbfontspace-920774&#8243; text_font=\u00bbfont-147490&#8243; text_weight=\u00bb400&#8243; text_transform=\u00bbuppercase\u00bb sub_reduced=\u00bbyes\u00bb]Nos unimos en la amabilidad[\/vc_custom_heading][vc_custom_heading text_size=\u00bbfontsize-767795&#8243; text_font=\u00bbfont-183760&#8243; sub_reduced=\u00bbyes\u00bb]NBC[\/vc_custom_heading][vc_empty_space empty_h=\u00bb3&#8243;][vc_button button_color=\u00bbcolor-110816&#8243; size=\u00bbbtn-lg\u00bb radius=\u00bbbtn-circle\u00bb shadow=\u00bbyes\u00bb border_width=\u00bb0&#8243; link=\u00bburl:http%3A%2F%2Fwww.nbcnewyork.com%2Fon-air%2Fas-seen-on%2F341334861.html||target:%20_blank|\u00bb]VER M\u00c1S[\/vc_button][\/vc_column][\/vc_row][vc_row row_height_percent=\u00bb0&#8243; override_padding=\u00bbyes\u00bb h_padding=\u00bb1&#8243; top_padding=\u00bb3&#8243; bottom_padding=\u00bb3&#8243; back_color=\u00bbcolor-205742&#8243; back_image=\u00bb5580&#8243; back_repeat=\u00bbno-repeat\u00bb parallax=\u00bbyes\u00bb overlay_alpha=\u00bb50&#8243; gutter_size=\u00bb3&#8243; column_width_percent=\u00bb100&#8243; shift_y=\u00bb0&#8243; z_index=\u00bb0&#8243; back_size=\u00bbcontain\u00bb row_name=\u00bbpresskit\u00bb][vc_column column_width_percent=\u00bb100&#8243; align_horizontal=\u00bbalign_center\u00bb overlay_alpha=\u00bb50&#8243; gutter_size=\u00bb3&#8243; medium_width=\u00bb0&#8243; mobile_width=\u00bb0&#8243; shift_x=\u00bb0&#8243; shift_y=\u00bb0&#8243; z_index=\u00bb0&#8243; width=\u00bb1\/1&#8243;][vc_row_inner][vc_column_inner column_width_percent=\u00bb79&#8243; align_horizontal=\u00bbalign_center\u00bb gutter_size=\u00bb3&#8243; overlay_alpha=\u00bb50&#8243; medium_width=\u00bb0&#8243; mobile_width=\u00bb0&#8243; shift_x=\u00bb0&#8243; shift_y=\u00bb0&#8243; shift_y_down=\u00bb0&#8243; z_index=\u00bb0&#8243; width=\u00bb1\/1&#8243;][vc_custom_heading text_size=\u00bbfontsize-767795&#8243; text_font=\u00bbfont-183760&#8243; text_color=\u00bbcolor-xsdn\u00bb]Los recursos OFICIALES de Danza por la Amabilidad[\/vc_custom_heading][vc_custom_heading text_size=\u00bbh5&#8243; text_weight=\u00bb400&#8243; text_color=\u00bbcolor-xsdn\u00bb]Aqu\u00ed puedes encontrar todo lo que necesitas para ayudarnos a difundir la Danza por la Amabilidad. La finalidad es reunir al mundo en un festejo global de amor y unidad. \u00a1Celebremos nuestras diferencias![\/vc_custom_heading][\/vc_column_inner][\/vc_row_inner][vc_row_inner][vc_column_inner column_width_percent=\u00bb100&#8243; align_horizontal=\u00bbalign_center\u00bb expand_height=\u00bbyes\u00bb gutter_size=\u00bb2&#8243; back_color=\u00bbcolor-xsdn\u00bb overlay_alpha=\u00bb50&#8243; medium_width=\u00bb0&#8243; mobile_width=\u00bb0&#8243; shift_x=\u00bb0&#8243; shift_y=\u00bb0&#8243; shift_y_down=\u00bb0&#8243; z_index=\u00bb0&#8243; width=\u00bb1\/3&#8243;][vc_custom_heading heading_semantic=\u00bbh3&#8243; text_size=\u00bbh3&#8243; text_font=\u00bbfont-147490&#8243;]Kit de fotograf\u00edas[\/vc_custom_heading][vc_single_image media=\u00bb5588&#8243; media_width_percent=\u00bb100&#8243;][vc_column_text]\u00a1Revisa y descarga algunas de nuestras fotos favoritas de Danza por la Amabilidad![\/vc_column_text][vc_button button_color=\u00bbcolor-146305&#8243; radius=\u00bbbtn-circle\u00bb shadow=\u00bbyes\u00bb shadow_weight=\u00bbsm\u00bb border_width=\u00bb0&#8243; link=\u00bburl:https%3A%2F%2Fwww.danceforkindness.com%2Fevent-coverage%2F|||\u00bb]DESCARGAR[\/vc_button][\/vc_column_inner][vc_column_inner column_width_percent=\u00bb100&#8243; align_horizontal=\u00bbalign_center\u00bb expand_height=\u00bbyes\u00bb gutter_size=\u00bb2&#8243; back_color=\u00bbcolor-xsdn\u00bb overlay_alpha=\u00bb50&#8243; medium_width=\u00bb0&#8243; mobile_width=\u00bb0&#8243; shift_x=\u00bb0&#8243; shift_y=\u00bb0&#8243; shift_y_down=\u00bb0&#8243; z_index=\u00bb0&#8243; width=\u00bb1\/3&#8243;][vc_custom_heading heading_semantic=\u00bbh3&#8243; text_size=\u00bbh3&#8243; text_font=\u00bbfont-147490&#8243;]Comunicado de prensa[\/vc_custom_heading][vc_single_image media=\u00bb5589&#8243; media_width_percent=\u00bb100&#8243;][vc_column_text]Cont\u00e1ctate con la prensa local y ay\u00fadanos a difundir el mensaje de Danza por la Amabilidad. \u00bfEres reportero? \u00a1Cubre este asombroso evento![\/vc_column_text][vc_button button_color=\u00bbcolor-146305&#8243; radius=\u00bbbtn-circle\u00bb shadow=\u00bbyes\u00bb shadow_weight=\u00bbsm\u00bb border_width=\u00bb0&#8243; link=\u00bburl:https%3A%2F%2Fdrive.google.com%2Fdrive%2Ffolders%2F0BySdc9QqUu6aU2VYdHdUcS1xWVU||target:%20_blank|\u00bb]DESCARGAR[\/vc_button][\/vc_column_inner][vc_column_inner column_width_percent=\u00bb100&#8243; align_horizontal=\u00bbalign_center\u00bb expand_height=\u00bbyes\u00bb gutter_size=\u00bb2&#8243; back_color=\u00bbcolor-xsdn\u00bb overlay_alpha=\u00bb50&#8243; medium_width=\u00bb0&#8243; mobile_width=\u00bb0&#8243; shift_x=\u00bb0&#8243; shift_y=\u00bb0&#8243; shift_y_down=\u00bb0&#8243; z_index=\u00bb0&#8243; width=\u00bb1\/3&#8243;][vc_custom_heading heading_semantic=\u00bbh3&#8243; text_size=\u00bbh3&#8243; text_font=\u00bbfont-147490&#8243;]Afiche del evento[\/vc_custom_heading][vc_single_image media=\u00bb5587&#8243; media_width_percent=\u00bb100&#8243;][vc_column_text]Imprime el afiche OFICIAL de Danza por la Amabilidad 2017 y comp\u00e1rtelo en tu vecindario para crear conciencia.[\/vc_column_text][vc_button button_color=\u00bbcolor-146305&#8243; radius=\u00bbbtn-circle\u00bb shadow=\u00bbyes\u00bb shadow_weight=\u00bbsm\u00bb border_width=\u00bb0&#8243; link=\u00bburl:https%3A%2F%2Fdrive.google.com%2Ffile%2Fd%2F0BySdc9QqUu6aeXg0LU9nci0xQWc%2Fview%3Fusp%3Dsharing||target:%20_blank|\u00bb]DESCARGAR[\/vc_button][\/vc_column_inner][\/vc_row_inner][vc_row_inner][vc_column_inner column_width_percent=\u00bb100&#8243; align_horizontal=\u00bbalign_center\u00bb expand_height=\u00bbyes\u00bb gutter_size=\u00bb2&#8243; back_color=\u00bbcolor-xsdn\u00bb overlay_alpha=\u00bb50&#8243; medium_width=\u00bb0&#8243; mobile_width=\u00bb0&#8243; shift_x=\u00bb0&#8243; shift_y=\u00bb0&#8243; shift_y_down=\u00bb0&#8243; z_index=\u00bb0&#8243; width=\u00bb1\/3&#8243;][vc_custom_heading heading_semantic=\u00bbh3&#8243; text_size=\u00bbh3&#8243; text_font=\u00bbfont-147490&#8243;]Tarjetas del evento[\/vc_custom_heading][vc_single_image media=\u00bb5586&#8243; media_width_percent=\u00bb100&#8243;][vc_column_text]\u00a1Es una gran manera de comprometer a tu comunidad! Imprime estas maravillosas tarjetas con toda la informaci\u00f3n de Danza por la Amabilidad.[\/vc_column_text][vc_button button_color=\u00bbcolor-146305&#8243; radius=\u00bbbtn-circle\u00bb shadow=\u00bbyes\u00bb shadow_weight=\u00bbsm\u00bb border_width=\u00bb0&#8243; link=\u00bburl:https%3A%2F%2Fdrive.google.com%2Ffile%2Fd%2F0BySdc9QqUu6aMi1pbUdXbGpPSGM%2Fview%3Fusp%3Dsharing|||\u00bb]DESCARGAR[\/vc_button][\/vc_column_inner][vc_column_inner column_width_percent=\u00bb100&#8243; align_horizontal=\u00bbalign_center\u00bb expand_height=\u00bbyes\u00bb gutter_size=\u00bb2&#8243; back_color=\u00bbcolor-xsdn\u00bb overlay_alpha=\u00bb50&#8243; medium_width=\u00bb0&#8243; mobile_width=\u00bb0&#8243; shift_x=\u00bb0&#8243; shift_y=\u00bb0&#8243; shift_y_down=\u00bb0&#8243; z_index=\u00bb0&#8243; width=\u00bb1\/3&#8243;][vc_custom_heading heading_semantic=\u00bbh3&#8243; text_size=\u00bbh3&#8243; text_font=\u00bbfont-147490&#8243;]El logo de DFK[\/vc_custom_heading][vc_single_image media=\u00bb5585&#8243; media_width_percent=\u00bb100&#8243;][vc_column_text]Muestra de manera orgullosa y abierta tu apoyo a Danza por la Amabilidad. Por favor, no modifiques el logo.[\/vc_column_text][vc_button button_color=\u00bbcolor-146305&#8243; radius=\u00bbbtn-circle\u00bb shadow=\u00bbyes\u00bb shadow_weight=\u00bbsm\u00bb border_width=\u00bb0&#8243; link=\u00bburl:https%3A%2F%2Fwww.dropbox.com%2Fsh%2Fnd1nie4bzf3wbjh%2FAADO1nP7qsU5tiyQmMxCO0jwa%3Fdl%3D0||target:%20_blank|\u00bb]DESCARGAR[\/vc_button][\/vc_column_inner][vc_column_inner column_width_percent=\u00bb100&#8243; align_horizontal=\u00bbalign_center\u00bb expand_height=\u00bbyes\u00bb gutter_size=\u00bb2&#8243; back_color=\u00bbcolor-xsdn\u00bb overlay_alpha=\u00bb50&#8243; medium_width=\u00bb0&#8243; mobile_width=\u00bb0&#8243; shift_x=\u00bb0&#8243; shift_y=\u00bb0&#8243; shift_y_down=\u00bb0&#8243; z_index=\u00bb0&#8243; width=\u00bb1\/3&#8243;][vc_custom_heading heading_semantic=\u00bbh3&#8243; text_size=\u00bbh3&#8243; text_font=\u00bbfont-147490&#8243;]Publicaciones en las redes sociales[\/vc_custom_heading][vc_single_image media=\u00bb5590&#8243; media_width_percent=\u00bb100&#8243;][vc_column_text]Comparte las divertidas fotograf\u00edas de Danza por la Amabilidad con tus amigos y familia y recu\u00e9rdale al mundo que nunca se debe renunciar a la amabilidad.[\/vc_column_text][vc_button button_color=\u00bbcolor-146305&#8243; radius=\u00bbbtn-circle\u00bb shadow=\u00bbyes\u00bb shadow_weight=\u00bbsm\u00bb border_width=\u00bb0&#8243; link=\u00bburl:https%3A%2F%2Fdrive.google.com%2Fdrive%2Ffolders%2F0BySdc9QqUu6aNmc0VFA0bGZ6Vmc%3Fusp%3Dsharing||target:%20_blank|\u00bb]DESCARGAR[\/vc_button][\/vc_column_inner][\/vc_row_inner][\/vc_column][\/vc_row][vc_row unlock_row_content=\u00bbyes\u00bb row_height_percent=\u00bb0&#8243; override_padding=\u00bbyes\u00bb h_padding=\u00bb0&#8243; top_padding=\u00bb0&#8243; bottom_padding=\u00bb0&#8243; overlay_alpha=\u00bb50&#8243; gutter_size=\u00bb3&#8243; column_width_percent=\u00bb100&#8243; shift_y=\u00bb0&#8243; z_index=\u00bb0&#8243;][vc_column width=\u00bb1\/1&#8243;][vc_gallery el_id=\u00bbgallery-365580&#8243; isotope_mode=\u00bbfitRows\u00bb random=\u00bbyes\u00bb medias=\u00bb5599,5600,5601,5602,5603,5605&#8243; gutter_size=\u00bb0&#8243; media_items=\u00bbmedia|nolink|original\u00bb screen_lg=\u00bb1000&#8243; screen_md=\u00bb600&#8243; screen_sm=\u00bb480&#8243; single_width=\u00bb6&#8243; single_overlay_opacity=\u00bb1&#8243; single_padding=\u00bb2&#8243;][\/vc_column][\/vc_row]<\/p>\n<\/div>","protected":false},"excerpt":{"rendered":"<p>[vc_row unlock_row_content=\u00bbyes\u00bb row_height_percent=\u00bb0&#8243; override_padding=\u00bbyes\u00bb h_padding=\u00bb2&#8243; top_padding=\u00bb5&#8243; bottom_padding=\u00bb5&#8243; back_image=\u00bb5547&#8243; back_repeat=\u00bbno-repeat\u00bb back_position=\u00bbleft center\u00bb overlay_alpha=\u00bb50&#8243; gutter_size=\u00bb3&#8243; column_width_percent=\u00bb100&#8243; shift_y=\u00bb0&#8243; z_index=\u00bb0&#8243;][vc_column column_width_percent=\u00bb100&#8243; align_horizontal=\u00bbalign_center\u00bb overlay_alpha=\u00bb50&#8243; gutter_size=\u00bb3&#8243; [&hellip;]<\/p>\n","protected":false},"author":1,"featured_media":0,"parent":0,"menu_order":0,"comment_status":"closed","ping_status":"closed","template":"","meta":{"footnotes":""},"class_list":["post-13635","page","type-page","status-publish","hentry"],"yoast_head":"<!-- This site is optimized with the Yoast SEO plugin v24.5 - https:\/\/yoast.com\/wordpress\/plugins\/seo\/ -->\n<title>Prensa - Dance for Kindness<\/title>\n<meta name=\"description\" content=\"Danza por la Amabilidad crece a\u00f1o tras a\u00f1o y por ello, existe un gran entusiasmo por esta celebraci\u00f3n mundial de la amabilidad que se extiende por todo el planeta. Ver el dossier de prensa\" \/>\n<meta name=\"robots\" content=\"index, follow, max-snippet:-1, max-image-preview:large, max-video-preview:-1\" \/>\n<link rel=\"canonical\" href=\"https:\/\/www.danceforkindness.com\/es\/prensa\/\" \/>\n<meta property=\"og:locale\" content=\"es_ES\" \/>\n<meta property=\"og:type\" content=\"article\" \/>\n<meta property=\"og:title\" content=\"Prensa - Dance for Kindness\" \/>\n<meta property=\"og:description\" content=\"Danza por la Amabilidad crece a\u00f1o tras a\u00f1o y por ello, existe un gran entusiasmo por esta celebraci\u00f3n mundial de la amabilidad que se extiende por todo el planeta. Ver el dossier de prensa\" \/>\n<meta property=\"og:url\" content=\"https:\/\/www.danceforkindness.com\/es\/prensa\/\" \/>\n<meta property=\"og:site_name\" content=\"Dance for Kindness\" \/>\n<meta property=\"article:publisher\" content=\"https:\/\/www.facebook.com\/lifevestinside\" \/>\n<meta property=\"article:modified_time\" content=\"2019-09-08T14:14:59+00:00\" \/>\n<meta property=\"og:image\" content=\"https:\/\/www.danceforkindness.com\/wp-content\/uploads\/2022\/01\/Website-sharing-image_2022.png\" \/>\n\t<meta property=\"og:image:width\" content=\"1200\" \/>\n\t<meta property=\"og:image:height\" content=\"630\" \/>\n\t<meta property=\"og:image:type\" content=\"image\/png\" \/>\n<meta name=\"twitter:card\" content=\"summary_large_image\" \/>\n<meta name=\"twitter:site\" content=\"@lifevestinside\" \/>\n<meta name=\"twitter:label1\" content=\"Tiempo de lectura\" \/>\n\t<meta name=\"twitter:data1\" content=\"10 minutos\" \/>\n<script type=\"application\/ld+json\" class=\"yoast-schema-graph\">{\"@context\":\"https:\/\/schema.org\",\"@graph\":[{\"@type\":\"WebPage\",\"@id\":\"https:\/\/www.danceforkindness.com\/es\/prensa\/\",\"url\":\"https:\/\/www.danceforkindness.com\/es\/prensa\/\",\"name\":\"Prensa - Dance for Kindness\",\"isPartOf\":{\"@id\":\"https:\/\/www.danceforkindness.com\/#website\"},\"datePublished\":\"2019-09-08T14:14:57+00:00\",\"dateModified\":\"2019-09-08T14:14:59+00:00\",\"description\":\"Danza por la Amabilidad crece a\u00f1o tras a\u00f1o y por ello, existe un gran entusiasmo por esta celebraci\u00f3n mundial de la amabilidad que se extiende por todo el planeta. Ver el dossier de prensa\",\"breadcrumb\":{\"@id\":\"https:\/\/www.danceforkindness.com\/es\/prensa\/#breadcrumb\"},\"inLanguage\":\"es\",\"potentialAction\":[{\"@type\":\"ReadAction\",\"target\":[\"https:\/\/www.danceforkindness.com\/es\/prensa\/\"]}]},{\"@type\":\"BreadcrumbList\",\"@id\":\"https:\/\/www.danceforkindness.com\/es\/prensa\/#breadcrumb\",\"itemListElement\":[{\"@type\":\"ListItem\",\"position\":1,\"name\":\"Home\",\"item\":\"https:\/\/www.danceforkindness.com\/es\/pagina-principal-2\/\"},{\"@type\":\"ListItem\",\"position\":2,\"name\":\"Prensa\"}]},{\"@type\":\"WebSite\",\"@id\":\"https:\/\/www.danceforkindness.com\/#website\",\"url\":\"https:\/\/www.danceforkindness.com\/\",\"name\":\"Dance for Kindness\",\"description\":\"Annual Worldwide Flashmob\",\"potentialAction\":[{\"@type\":\"SearchAction\",\"target\":{\"@type\":\"EntryPoint\",\"urlTemplate\":\"https:\/\/www.danceforkindness.com\/?s={search_term_string}\"},\"query-input\":{\"@type\":\"PropertyValueSpecification\",\"valueRequired\":true,\"valueName\":\"search_term_string\"}}],\"inLanguage\":\"es\"}]}<\/script>\n<!-- \/ Yoast SEO plugin. -->","yoast_head_json":{"title":"Prensa - Dance for Kindness","description":"Danza por la Amabilidad crece a\u00f1o tras a\u00f1o y por ello, existe un gran entusiasmo por esta celebraci\u00f3n mundial de la amabilidad que se extiende por todo el planeta. Ver el dossier de prensa","robots":{"index":"index","follow":"follow","max-snippet":"max-snippet:-1","max-image-preview":"max-image-preview:large","max-video-preview":"max-video-preview:-1"},"canonical":"https:\/\/www.danceforkindness.com\/es\/prensa\/","og_locale":"es_ES","og_type":"article","og_title":"Prensa - Dance for Kindness","og_description":"Danza por la Amabilidad crece a\u00f1o tras a\u00f1o y por ello, existe un gran entusiasmo por esta celebraci\u00f3n mundial de la amabilidad que se extiende por todo el planeta. Ver el dossier de prensa","og_url":"https:\/\/www.danceforkindness.com\/es\/prensa\/","og_site_name":"Dance for Kindness","article_publisher":"https:\/\/www.facebook.com\/lifevestinside","article_modified_time":"2019-09-08T14:14:59+00:00","og_image":[{"width":1200,"height":630,"url":"https:\/\/www.danceforkindness.com\/wp-content\/uploads\/2022\/01\/Website-sharing-image_2022.png","type":"image\/png"}],"twitter_card":"summary_large_image","twitter_site":"@lifevestinside","twitter_misc":{"Tiempo de lectura":"10 minutos"},"schema":{"@context":"https:\/\/schema.org","@graph":[{"@type":"WebPage","@id":"https:\/\/www.danceforkindness.com\/es\/prensa\/","url":"https:\/\/www.danceforkindness.com\/es\/prensa\/","name":"Prensa - Dance for Kindness","isPartOf":{"@id":"https:\/\/www.danceforkindness.com\/#website"},"datePublished":"2019-09-08T14:14:57+00:00","dateModified":"2019-09-08T14:14:59+00:00","description":"Danza por la Amabilidad crece a\u00f1o tras a\u00f1o y por ello, existe un gran entusiasmo por esta celebraci\u00f3n mundial de la amabilidad que se extiende por todo el planeta. Ver el dossier de prensa","breadcrumb":{"@id":"https:\/\/www.danceforkindness.com\/es\/prensa\/#breadcrumb"},"inLanguage":"es","potentialAction":[{"@type":"ReadAction","target":["https:\/\/www.danceforkindness.com\/es\/prensa\/"]}]},{"@type":"BreadcrumbList","@id":"https:\/\/www.danceforkindness.com\/es\/prensa\/#breadcrumb","itemListElement":[{"@type":"ListItem","position":1,"name":"Home","item":"https:\/\/www.danceforkindness.com\/es\/pagina-principal-2\/"},{"@type":"ListItem","position":2,"name":"Prensa"}]},{"@type":"WebSite","@id":"https:\/\/www.danceforkindness.com\/#website","url":"https:\/\/www.danceforkindness.com\/","name":"Dance for Kindness","description":"Annual Worldwide Flashmob","potentialAction":[{"@type":"SearchAction","target":{"@type":"EntryPoint","urlTemplate":"https:\/\/www.danceforkindness.com\/?s={search_term_string}"},"query-input":{"@type":"PropertyValueSpecification","valueRequired":true,"valueName":"search_term_string"}}],"inLanguage":"es"}]}},"_links":{"self":[{"href":"https:\/\/www.danceforkindness.com\/es\/wp-json\/wp\/v2\/pages\/13635","targetHints":{"allow":["GET"]}}],"collection":[{"href":"https:\/\/www.danceforkindness.com\/es\/wp-json\/wp\/v2\/pages"}],"about":[{"href":"https:\/\/www.danceforkindness.com\/es\/wp-json\/wp\/v2\/types\/page"}],"author":[{"embeddable":true,"href":"https:\/\/www.danceforkindness.com\/es\/wp-json\/wp\/v2\/users\/1"}],"replies":[{"embeddable":true,"href":"https:\/\/www.danceforkindness.com\/es\/wp-json\/wp\/v2\/comments?post=13635"}],"version-history":[{"count":1,"href":"https:\/\/www.danceforkindness.com\/es\/wp-json\/wp\/v2\/pages\/13635\/revisions"}],"predecessor-version":[{"id":13636,"href":"https:\/\/www.danceforkindness.com\/es\/wp-json\/wp\/v2\/pages\/13635\/revisions\/13636"}],"wp:attachment":[{"href":"https:\/\/www.danceforkindness.com\/es\/wp-json\/wp\/v2\/media?parent=13635"}],"curies":[{"name":"wp","href":"https:\/\/api.w.org\/{rel}","templated":true}]}}